{"id":113,"date":"2019-09-23T16:27:29","date_gmt":"2019-09-23T14:27:29","guid":{"rendered":"http:\/\/www.safraniersdeprovence.fr\/?page_id=113"},"modified":"2025-03-07T16:32:50","modified_gmt":"2025-03-07T15:32:50","slug":"vente","status":"publish","type":"page","link":"https:\/\/www.safraniersdeprovence.fr\/index.php\/vente\/","title":{"rendered":"Vente"},"content":{"rendered":"\n<p><strong>Vente de safran<\/strong><\/p>\n\n\n\n<p>Acc\u00e9dez \u00e0 l&#8217;espace de vente en ligne de notre groupement de producteurs sur le site<\/p>\n\n\n\n<p><a href=\"https:\/\/www.couleursprovence.com\/safran-c102x3684313\">https:\/\/www.couleursprovence.com\/safran-c102x3684313<\/a><\/p>\n\n\n\n<p><strong>Reconnaitre un safran de qualit\u00e9<\/strong><\/p>\n\n\n\n<p>Pr\u00e9f\u00e9rez toujours le safran en filaments ! A d\u00e9faut de pouvoir le go\u00fbter, les filaments doivent \u00eatre secs, l\u00e9g\u00e8rement cassants, d\u2019un rouge profond sans la partie blanche ou m\u00eame orang\u00e9e.<\/p>\n\n\n\n<p><strong>Petit test imparable : Ecrasez un infime morceau de filament ou de poudre de safran sur la peau de votre main avec un peu de salive et observer imm\u00e9diatement la couleur jaune.<\/strong><\/p>\n\n\n\n<p>Au nez, l\u2019odeur du safran doit \u00eatre forte et franche qui \u00e9volue en fonction de l&#8217;\u00e2ge. Le safran r\u00e9colt\u00e9 de l\u2019ann\u00e9e aura une odeur douce. Au fil des ann\u00e9es, l\u2019odeur aura tendance \u00e0 se renforcer en intensit\u00e9 gr\u00e2ce \u00e0 une transformation enzymatique favorisant la mol\u00e9cule de safranal \u00e0 l\u2019origine de l\u2019ar\u00f4me du safran.<\/p>\n\n\n\n<p><strong>Vente de bulbes &#8211; Cormus de Crocus Sativus &#8211;<\/strong><\/p>\n\n\n\n<p>Du mois de mai \u00e0 juillet, l&#8217;association propose la vente de bulbes de crocus \u00e0 Safran issus des exploitations de ses membres. La quantit\u00e9 minimale par commande est de 200 bulbes, transport \u00e0 la charge de l&#8217;acheteur. Lors de votre commande, il est imp\u00e9ratif de pr\u00e9ciser le nombre, le calibre et la qualit\u00e9 (bio ou conventionnel).  La commande fera l&#8217;objet d&#8217;une confirmation en fonction de nos stocks disponibles. Merci de consulter le tableau ci-dessous et de nous transmettre votre commande \u00e0 contact@safraniersdeprovence.fr<\/p>\n\n\n\n<div class=\"wp-block-file\"><a id=\"wp-block-file--media-b0b93b74-b6ef-4fc5-9574-9d66d78ffcdf\" href=\"https:\/\/www.safraniersdeprovence.fr\/wp-content\/uploads\/2025\/03\/SAFRAN-PROV-BDC-2025-v8.pdf\">SAFRAN PROV BDC 2025 v8<\/a><a href=\"https:\/\/www.safraniersdeprovence.fr\/wp-content\/uploads\/2025\/03\/SAFRAN-PROV-BDC-2025-v8.pdf\" class=\"wp-block-file__button wp-element-button\" download aria-describedby=\"wp-block-file--media-b0b93b74-b6ef-4fc5-9574-9d66d78ffcdf\">T\u00e9l\u00e9charger<\/a><\/div>\n","protected":false},"excerpt":{"rendered":"<p>Vente de safran Acc\u00e9dez \u00e0 l&#8217;espace de vente en ligne de notre groupement de producteurs sur le site https:\/\/www.couleursprovence.com\/safran-c102x3684313 Reconnaitre un safran de qualit\u00e9 Pr\u00e9f\u00e9rez toujours le safran en filaments ! A d\u00e9faut de pouvoir le go\u00fbter, les filaments doivent \u00eatre secs, l\u00e9g\u00e8rement cassants, d\u2019un rouge profond sans la partie blanche ou m\u00eame orang\u00e9e. Petit &hellip; <\/p>\n<p class=\"link-more\"><a href=\"https:\/\/www.safraniersdeprovence.fr\/index.php\/vente\/\" class=\"more-link\">Continuer la lecture<span class=\"screen-reader-text\"> de &laquo;&nbsp;Vente&nbsp;&raquo;<\/span><\/a><\/p>\n","protected":false},"author":1,"featured_media":0,"parent":0,"menu_order":0,"comment_status":"closed","ping_status":"closed","template":"","meta":{"_exactmetrics_skip_tracking":false,"_exactmetrics_sitenote_active":false,"_exactmetrics_sitenote_note":"","_exactmetrics_sitenote_category":0,"footnotes":""},"class_list":["post-113","page","type-page","status-publish","hentry"],"aioseo_notices":[],"_links":{"self":[{"href":"https:\/\/www.safraniersdeprovence.fr\/index.php\/wp-json\/wp\/v2\/pages\/113","targetHints":{"allow":["GET"]}}],"collection":[{"href":"https:\/\/www.safraniersdeprovence.fr\/index.php\/wp-json\/wp\/v2\/pages"}],"about":[{"href":"https:\/\/www.safraniersdeprovence.fr\/index.php\/wp-json\/wp\/v2\/types\/page"}],"author":[{"embeddable":true,"href":"https:\/\/www.safraniersdeprovence.fr\/index.php\/wp-json\/wp\/v2\/users\/1"}],"replies":[{"embeddable":true,"href":"https:\/\/www.safraniersdeprovence.fr\/index.php\/wp-json\/wp\/v2\/comments?post=113"}],"version-history":[{"count":11,"href":"https:\/\/www.safraniersdeprovence.fr\/index.php\/wp-json\/wp\/v2\/pages\/113\/revisions"}],"predecessor-version":[{"id":627,"href":"https:\/\/www.safraniersdeprovence.fr\/index.php\/wp-json\/wp\/v2\/pages\/113\/revisions\/627"}],"wp:attachment":[{"href":"https:\/\/www.safraniersdeprovence.fr\/index.php\/wp-json\/wp\/v2\/media?parent=113"}],"curies":[{"name":"wp","href":"https:\/\/api.w.org\/{rel}","templated":true}]}}